{"id":2,"date":"2016-09-18T09:13:03","date_gmt":"2016-09-18T07:13:03","guid":{"rendered":"http:\/\/www.mirevaltrail.fr\/gardiole\/?page_id=2"},"modified":"2025-10-29T10:00:51","modified_gmt":"2025-10-29T09:00:51","slug":"page-d-exemple","status":"publish","type":"page","link":"http:\/\/www.mirevaltrail.fr\/gardiole\/page-d-exemple\/","title":{"rendered":"B\u00e9n\u00e9voles"},"content":{"rendered":"<p><img loading=\"lazy\" class=\"size-full wp-image-249 alignright\" src=\"http:\/\/www.mirevaltrail.fr\/gardiole\/wp-content\/uploads\/2016\/10\/staff-tee-shirts-tee-shirt-homme.jpg\" alt=\"staff-tee-shirts-tee-shirt-homme\" width=\"300\" height=\"300\" srcset=\"http:\/\/www.mirevaltrail.fr\/gardiole\/wp-content\/uploads\/2016\/10\/staff-tee-shirts-tee-shirt-homme.jpg 300w, http:\/\/www.mirevaltrail.fr\/gardiole\/wp-content\/uploads\/2016\/10\/staff-tee-shirts-tee-shirt-homme-150x150.jpg 150w\" sizes=\"(max-width: 300px) 100vw, 300px\" \/><\/p>\n<p><strong>DEVENEZ\u00a0<\/strong><b>B\u00c9N\u00c9VOLES<\/b><\/p>\n<p>Pour la 12\u00e8me \u00e9dition du Trail de Mireval, le dimanche 1er f\u00e9vrier 2026 (ou le samedi 31 janvier 2026), nous recherchons activement des b\u00e9n\u00e9voles.<\/p>\n<p>Int\u00e9ress\u00e9(e) ?<\/p>\n<p>Contactez Carla par mail \u00e0 son adresse mgaathle@gmail.com<\/p>\n<p>Une journ\u00e9e remplie de rencontres, de sourires et d&rsquo;ambiance vous attend !<\/p>\n","protected":false},"excerpt":{"rendered":"<p>DEVENEZ\u00a0B\u00c9N\u00c9VOLES Pour la 12\u00e8me \u00e9dition du Trail de Mireval, le dimanche 1er f\u00e9vrier 2026 (ou le samedi 31 janvier 2026),<\/p>\n","protected":false},"author":1,"featured_media":0,"parent":0,"menu_order":0,"comment_status":"closed","ping_status":"open","template":"","meta":[],"_links":{"self":[{"href":"http:\/\/www.mirevaltrail.fr\/gardiole\/wp-json\/wp\/v2\/pages\/2"}],"collection":[{"href":"http:\/\/www.mirevaltrail.fr\/gardiole\/wp-json\/wp\/v2\/pages"}],"about":[{"href":"http:\/\/www.mirevaltrail.fr\/gardiole\/wp-json\/wp\/v2\/types\/page"}],"author":[{"embeddable":true,"href":"http:\/\/www.mirevaltrail.fr\/gardiole\/wp-json\/wp\/v2\/users\/1"}],"replies":[{"embeddable":true,"href":"http:\/\/www.mirevaltrail.fr\/gardiole\/wp-json\/wp\/v2\/comments?post=2"}],"version-history":[{"count":18,"href":"http:\/\/www.mirevaltrail.fr\/gardiole\/wp-json\/wp\/v2\/pages\/2\/revisions"}],"predecessor-version":[{"id":2937,"href":"http:\/\/www.mirevaltrail.fr\/gardiole\/wp-json\/wp\/v2\/pages\/2\/revisions\/2937"}],"wp:attachment":[{"href":"http:\/\/www.mirevaltrail.fr\/gardiole\/wp-json\/wp\/v2\/media?parent=2"}],"curies":[{"name":"wp","href":"https:\/\/api.w.org\/{rel}","templated":true}]}}